{"id":552,"date":"2017-08-24T16:11:04","date_gmt":"2017-08-24T14:11:04","guid":{"rendered":"https:\/\/www.didapro.org\/8abc\/?page_id=552"},"modified":"2020-01-22T09:52:52","modified_gmt":"2020-01-22T08:52:52","slug":"lieu-et-hebergement","status":"publish","type":"page","link":"https:\/\/www.didapro.org\/8\/lieu-et-hebergement\/","title":{"rendered":"Lieu et h\u00e9bergement"},"content":{"rendered":"<h2>Lieu<\/h2>\n<p>Le colloque se d\u00e9roule \u00e0 l&rsquo;Universit\u00e9 de Lille, plus pr\u00e9cis\u00e9ment \u00e0 <a href=\"https:\/\/lilliad.univ-lille.fr\/decouverte\/venir-a-lilliad\">LILLIAD<\/a> sur le <a href=\"https:\/\/www.univ-lille.fr\/fileadmin\/user_upload\/autres\/Plan-site-Ulille-contact-cite%CC%81-scientifique.pdf\">campus cit\u00e9 scientifique<\/a> de Villeneuve d&rsquo;Ascq.<\/p>\n<h2>H\u00e9bergement<\/h2>\n<table cellspacing=\"0\" cellpadding=\"0\">\n<tbody>\n<tr>\n<td valign=\"top\"><span style=\"color: #000000;font-family: 'Helvetica Neue';font-size: small\"><b>h\u00f4tel<\/b><\/span><\/td>\n<td valign=\"top\"><span style=\"color: #000000;font-family: 'Helvetica Neue';font-size: small\"><b>adresse<\/b><\/span><\/td>\n<td valign=\"top\"><span style=\"color: #000000;font-family: 'Helvetica Neue';font-size: small\"><b>r\u00e9servations<\/b><\/span><\/td>\n<\/tr>\n<tr>\n<td valign=\"top\"><a href=\"https:\/\/hotel-brueghel-lille.com\/\">H\u00f4tel BRUEGHEL<\/a><\/td>\n<td valign=\"top\">5 Parvis Saint Maurice 59000 Lille<\/td>\n<td valign=\"top\">+ 33 3 20 06 06 69<\/td>\n<\/tr>\n<tr>\n<td valign=\"top\"><a href=\"https:\/\/www.hotelsaintmaurice.com\/\">H\u00f4tel SAINT-MAURICE<\/a><\/td>\n<td valign=\"top\">8 Parvis Saint Maurice 59000 Lille<\/td>\n<td valign=\"top\">+33 3 20 06 27 40<\/td>\n<\/tr>\n<tr>\n<td valign=\"top\"><a href=\"https:\/\/www.ascotel.fr\">Ascotel<\/a><\/td>\n<td valign=\"top\">7 avenue Paul Langevin &#8211; Cit\u00e9 scientifique<br \/>59650 Villeneuve d&rsquo;Ascq<\/td>\n<td valign=\"top\">+33 3 20 67 34 34<\/td>\n<\/tr>\n<tr>\n<td valign=\"top\">&nbsp;<\/td>\n<td valign=\"top\">&nbsp;<\/td>\n<td valign=\"top\">&nbsp;<\/td>\n<\/tr>\n<\/tbody>\n<\/table>\n<p>&nbsp;<\/p>\n\n\n<p><\/p>\n","protected":false},"excerpt":{"rendered":"<p>Lieu Le colloque se d\u00e9roule \u00e0 l&rsquo;Universit\u00e9 de Lille, plus pr\u00e9cis\u00e9ment \u00e0 LILLIAD sur le campus cit\u00e9 scientifique de Villeneuve d&rsquo;Ascq. H\u00e9bergement h\u00f4tel adresse r\u00e9servations H\u00f4tel BRUEGHEL 5 Parvis Saint Maurice 59000 Lille + 33 3 20 06 06 69 H\u00f4tel SAINT-MAURICE 8 Parvis Saint Maurice 59000 Lille +33 3 20 06 27 40 Ascotel &hellip; <\/p>\n<p class=\"link-more\"><a href=\"https:\/\/www.didapro.org\/8\/lieu-et-hebergement\/\" class=\"more-link\">Continuer la lecture<span class=\"screen-reader-text\"> de &laquo;&nbsp;Lieu et h\u00e9bergement&nbsp;&raquo;<\/span><\/a><\/p>\n","protected":false},"author":2,"featured_media":868,"parent":0,"menu_order":0,"comment_status":"closed","ping_status":"closed","template":"","meta":{"jetpack_post_was_ever_published":false,"footnotes":""},"class_list":["post-552","page","type-page","status-publish","has-post-thumbnail","hentry"],"jetpack_sharing_enabled":true,"jetpack_shortlink":"https:\/\/wp.me\/P8APBU-8U","jetpack-related-posts":[{"id":353,"url":"https:\/\/www.didapro.org\/8\/","url_meta":{"origin":552,"position":0},"title":"Accueil","author":"admin","date":"7 ao\u00fbt 2016","format":false,"excerpt":"Didapro 8 \u2013 DidaSTIC L'informatique, objets d'enseignements - enjeux \u00e9pist\u00e9mologiques, didactique et de formation 5 \u2013 7 f\u00e9vrier 2020 Universit\u00e9 de Lille, France Depuis 1988, les colloques de didactique de l'informatique, puis le colloque Didapro \u2013 DidaSTIC explorent les th\u00e8mes autour de l\u2019enseignement et l\u2019apprentissage de l\u2019informatique. La prochaine \u00e9dition\u2026","rel":"","context":"Article similaire","block_context":{"text":"Article similaire","link":""},"img":{"alt_text":"","src":"","width":0,"height":0},"classes":[]},{"id":507,"url":"https:\/\/www.didapro.org\/8\/contributions-dates\/","url_meta":{"origin":552,"position":1},"title":"Contributions et dates","author":"jppellet","date":"5 mai 2017","format":false,"excerpt":"Contributions Quatre types de contributions peuvent \u00eatre propos\u00e9es : article long (8-12 pages)article court (4-6 pages)proposition de poster (2-4 pages)proposition d'atelier (de une \u00e0 au maximum 4 pages) Les contributions sont soumises via la plateforme EasyChair avant les dates sp\u00e9cifi\u00e9es\u00a0ci-dessous. Les contributions sont \u00e0 r\u00e9diger en fran\u00e7ais. Dates importantes D\u00e9p\u00f4t\u00a0des\u00a0articles\u2026","rel":"","context":"Article similaire","block_context":{"text":"Article similaire","link":""},"img":{"alt_text":"","src":"https:\/\/i0.wp.com\/www.didapro.org\/8\/wp-content\/uploads\/sites\/4\/2017\/04\/header-didapro-1.jpg?fit=1200%2C720&ssl=1&resize=350%2C200","width":350,"height":200,"srcset":"https:\/\/i0.wp.com\/www.didapro.org\/8\/wp-content\/uploads\/sites\/4\/2017\/04\/header-didapro-1.jpg?fit=1200%2C720&ssl=1&resize=350%2C200 1x, https:\/\/i0.wp.com\/www.didapro.org\/8\/wp-content\/uploads\/sites\/4\/2017\/04\/header-didapro-1.jpg?fit=1200%2C720&ssl=1&resize=525%2C300 1.5x, https:\/\/i0.wp.com\/www.didapro.org\/8\/wp-content\/uploads\/sites\/4\/2017\/04\/header-didapro-1.jpg?fit=1200%2C720&ssl=1&resize=700%2C400 2x, https:\/\/i0.wp.com\/www.didapro.org\/8\/wp-content\/uploads\/sites\/4\/2017\/04\/header-didapro-1.jpg?fit=1200%2C720&ssl=1&resize=1050%2C600 3x"},"classes":[]},{"id":810,"url":"https:\/\/www.didapro.org\/8\/conferences-invitees\/","url_meta":{"origin":552,"position":2},"title":"Conf\u00e9rences invit\u00e9es","author":"7","date":"19 f\u00e9vrier 2018","format":false,"excerpt":"L\u2019informatique par les robots : objets d\u2019enseignements, objets d\u2019\u00e9panouissements, objets de plaisirs ?Thierry Karsenti, Chaire de recherche du Canada sur le num\u00e9rique en \u00e9ducationUniversit\u00e9 de Montr\u00e9al\u2192 r\u00e9sum\u00e9, support de pr\u00e9sentation, vid\u00e9o Genre et num\u00e9rique : pratiques \u00e9galitaires, dispositifs inclusifsIsabelle COLLET, Universit\u00e9 de Gen\u00e8ve\u2192 r\u00e9sum\u00e9, support de pr\u00e9sentation, vid\u00e9o Pens\u00e9e informatique\u2026","rel":"","context":"Article similaire","block_context":{"text":"Article similaire","link":""},"img":{"alt_text":"","src":"https:\/\/i0.wp.com\/www.didapro.org\/8\/wp-content\/uploads\/sites\/4\/2018\/02\/header-bolo.jpg?fit=1200%2C720&ssl=1&resize=350%2C200","width":350,"height":200,"srcset":"https:\/\/i0.wp.com\/www.didapro.org\/8\/wp-content\/uploads\/sites\/4\/2018\/02\/header-bolo.jpg?fit=1200%2C720&ssl=1&resize=350%2C200 1x, https:\/\/i0.wp.com\/www.didapro.org\/8\/wp-content\/uploads\/sites\/4\/2018\/02\/header-bolo.jpg?fit=1200%2C720&ssl=1&resize=525%2C300 1.5x, https:\/\/i0.wp.com\/www.didapro.org\/8\/wp-content\/uploads\/sites\/4\/2018\/02\/header-bolo.jpg?fit=1200%2C720&ssl=1&resize=700%2C400 2x, https:\/\/i0.wp.com\/www.didapro.org\/8\/wp-content\/uploads\/sites\/4\/2018\/02\/header-bolo.jpg?fit=1200%2C720&ssl=1&resize=1050%2C600 3x"},"classes":[]},{"id":489,"url":"https:\/\/www.didapro.org\/8\/objectifs-et-themes\/","url_meta":{"origin":552,"position":3},"title":"Objectifs et th\u00e8mes","author":"7","date":"18 avril 2017","format":false,"excerpt":"La 8e \u00e9dition du colloque Didapro-DidaSTIC se tiendra en f\u00e9vrier 2020 \u00e0 l\u2019Universit\u00e9 de Lille, deux ans apr\u00e8s l\u2019\u00e9dition organis\u00e9e \u00e0 Lausanne. Ce colloque interrogera les apprentissages informatiques et leurs entours, que ce soit au niveau scolaire ou universitaire, ou encore en formation professionnelle et formation des adultes. Il se\u2026","rel":"","context":"Article similaire","block_context":{"text":"Article similaire","link":""},"img":{"alt_text":"","src":"","width":0,"height":0},"classes":[]},{"id":604,"url":"https:\/\/www.didapro.org\/8\/programme\/","url_meta":{"origin":552,"position":4},"title":"Programme","author":"jppellet","date":"27 octobre 2017","format":false,"excerpt":"conf\u00e9rences invit\u00e9es sessions articlessession postertable rondeateliers du mercredi apr\u00e8s-midi mercredi 5 f\u00e9vr. jeudi 6 f\u00e9vr. vendredi 7 f\u00e9vr. 8h309h00 accueil caf\u00e9 accueil caf\u00e9 8h309h00 accueil caf\u00e9 9h009h10 Ouverture DidaPro8 conf\u00e9rence invit\u00e9eMargarida ROMERO 9h0010h00 conf\u00e9rence invit\u00e9eMarie DUFLOT-KREMER 9h1010h20 conf\u00e9rence invit\u00e9eThierry KARSENTI pause 10h0010h30 pause 10h2010h50 pause sessions 1 et 2 10h3012h00\u2026","rel":"","context":"Article similaire","block_context":{"text":"Article similaire","link":""},"img":{"alt_text":"","src":"https:\/\/i0.wp.com\/www.didapro.org\/8\/wp-content\/uploads\/sites\/4\/2017\/10\/program_3.jpg?fit=1200%2C720&ssl=1&resize=350%2C200","width":350,"height":200,"srcset":"https:\/\/i0.wp.com\/www.didapro.org\/8\/wp-content\/uploads\/sites\/4\/2017\/10\/program_3.jpg?fit=1200%2C720&ssl=1&resize=350%2C200 1x, https:\/\/i0.wp.com\/www.didapro.org\/8\/wp-content\/uploads\/sites\/4\/2017\/10\/program_3.jpg?fit=1200%2C720&ssl=1&resize=525%2C300 1.5x, https:\/\/i0.wp.com\/www.didapro.org\/8\/wp-content\/uploads\/sites\/4\/2017\/10\/program_3.jpg?fit=1200%2C720&ssl=1&resize=700%2C400 2x, https:\/\/i0.wp.com\/www.didapro.org\/8\/wp-content\/uploads\/sites\/4\/2017\/10\/program_3.jpg?fit=1200%2C720&ssl=1&resize=1050%2C600 3x"},"classes":[]}],"jetpack_likes_enabled":true,"_links":{"self":[{"href":"https:\/\/www.didapro.org\/8\/wp-json\/wp\/v2\/pages\/552","targetHints":{"allow":["GET"]}}],"collection":[{"href":"https:\/\/www.didapro.org\/8\/wp-json\/wp\/v2\/pages"}],"about":[{"href":"https:\/\/www.didapro.org\/8\/wp-json\/wp\/v2\/types\/page"}],"author":[{"embeddable":true,"href":"https:\/\/www.didapro.org\/8\/wp-json\/wp\/v2\/users\/2"}],"replies":[{"embeddable":true,"href":"https:\/\/www.didapro.org\/8\/wp-json\/wp\/v2\/comments?post=552"}],"version-history":[{"count":17,"href":"https:\/\/www.didapro.org\/8\/wp-json\/wp\/v2\/pages\/552\/revisions"}],"predecessor-version":[{"id":1091,"href":"https:\/\/www.didapro.org\/8\/wp-json\/wp\/v2\/pages\/552\/revisions\/1091"}],"wp:featuredmedia":[{"embeddable":true,"href":"https:\/\/www.didapro.org\/8\/wp-json\/wp\/v2\/media\/868"}],"wp:attachment":[{"href":"https:\/\/www.didapro.org\/8\/wp-json\/wp\/v2\/media?parent=552"}],"curies":[{"name":"wp","href":"https:\/\/api.w.org\/{rel}","templated":true}]}}