{"id":489,"date":"2017-04-18T17:12:02","date_gmt":"2017-04-18T15:12:02","guid":{"rendered":"https:\/\/www.didapro.org\/7\/?page_id=489"},"modified":"2017-04-19T15:43:51","modified_gmt":"2017-04-19T13:43:51","slug":"objectifs-et-themes","status":"publish","type":"page","link":"https:\/\/www.didapro.org\/7\/objectifs-et-themes\/","title":{"rendered":"Objectifs et th\u00e8mes"},"content":{"rendered":"<p>Chacun\u00b7e s\u2019accorde aujourd\u2019hui sur la place pr\u00e9\u00e9minente qu\u2019occupent l\u2019informatique et les r\u00e9alisations qui en d\u00e9coulent dans nos soci\u00e9t\u00e9s. Pratiquement tous les domaines de l\u2019activit\u00e9 humaine ont \u00e9t\u00e9 profond\u00e9ment impact\u00e9s, transform\u00e9s, remodel\u00e9s par cette science et ses d\u00e9veloppements. Pour autant, l\u2019informatique en tant que discipline d\u2019enseignement reste jeune. Sa place dans les curricula, son statut, ses contenus, la formation de ses enseignant\u00b7e\u00b7s&#8230;, tous ces \u00e9l\u00e9ments varient grandement d\u2019un pays \u00e0 l\u2019autre, d\u2019une r\u00e9gion \u00e0 l\u2019autre, en fonction de choix politiques, sociaux ou \u00e9conomiques.<\/p>\n<p>La conf\u00e9rence Didapro s\u2019int\u00e9resse depuis ses d\u00e9buts \u00e0 l\u2019enseignement et \u00e0 l\u2019apprentissage de l\u2019informatique et on peut mettre en lumi\u00e8re un certain parall\u00e9lisme entre l\u2019\u00e9volution du statut de l\u2019informatique dans le domaine de l\u2019\u00e9ducation et l\u2019\u00e9volution de cette conf\u00e9rence.<\/p>\n<p>Dans les \u00e9coles, les premi\u00e8res exp\u00e9riences avec des ordinateurs sont r\u00e9alis\u00e9es d\u00e8s les ann\u00e9es 70. Ceux-ci ne disposent pas encore d\u2019interface graphique et leur usage est r\u00e9serv\u00e9 \u00e0 des sp\u00e9cialistes qui ont acquis des bases de langages de programmation. Durant cette p\u00e9riode, les premi\u00e8res conf\u00e9rences de didactique de l\u2019informatique, r\u00e9alis\u00e9es alors sous l\u2019\u00e9gide de l\u2019Association Francophone pour la Didactique de l\u2019Informatique (AFDI), concentrent leurs r\u00e9flexions sur l\u2019enseignement de la programmation.<\/p>\n<p>Les ann\u00e9es 80 ont vu les ordinateurs personnels arriver en masse sur le march\u00e9, avec une baisse tr\u00e8s importante de prix. Dans les ann\u00e9es 90, les interfaces graphiques se sont g\u00e9n\u00e9ralis\u00e9es, les rendant accessibles au plus grand nombre tandis que les outils bureautiques \u00e9taient utilis\u00e9s en dehors du monde professionnel. En milieu scolaire, l\u2019informatique est devenue un outil de production et de communication, un support aux apprentissages des \u00e9l\u00e8ves dans les diverses disciplines. Ensuite, les r\u00e9flexions sur l\u2019apprentissage des logiciels sont pass\u00e9es au premier plan. Les conf\u00e9rences ont alors pris, au d\u00e9but des ann\u00e9es 2000, le nom de \u00ab&nbsp;Didapro&nbsp;\u00bb, pour \u00ab&nbsp;didactique des progiciels&nbsp;\u00bb. La conf\u00e9rence de Patras en 2011 a \u00e9largi la th\u00e9matique \u00e0 la didactique des Sciences et Technologies de l\u2019Information et de la Communication (STIC), d\u2019o\u00f9 le nom de \u00ab&nbsp;Didapro \u2013 DidaSTIC&nbsp;\u00bb.<\/p>\n<p>Plus r\u00e9cemment, l\u2019approche qui voudrait r\u00e9sumer l\u2019informatique scolaire \u00e0 l\u2019usage d\u2019outils a \u00e9t\u00e9 mise en question. Cet usage d\u2019outils, d\u00e9nu\u00e9 des fondements conceptuels qui les r\u00e9gissent, est insuffisant pour amener les enfants \u00e0 mieux comprendre le monde qui les entoure. Un mouvement vers l\u2019introduction d\u2019enseignement de l\u2019informatique \u00e0 tous les niveaux, en tant que discipline \u00e0 part enti\u00e8re, a vu le jour dans de nombreux pays. Nos deux derni\u00e8res conf\u00e9rences ont assez largement consacr\u00e9 ce mouvement en faisant porter une partie importante de leurs r\u00e9flexions sur ces probl\u00e9matiques.<\/p>\n<p>Plusieurs propositions de structuration de ce large domaine de l\u2019\u00e9ducation \u00e0 l\u2019informatique sont possibles. L&rsquo;une d&rsquo;elle se fonde sur une repr\u00e9sentation autour de trois attracteurs. Le premier est constitu\u00e9 de l&rsquo;informatique en tant que discipline scientifique, le deuxi\u00e8me est li\u00e9 \u00e0 la transmission d&rsquo;une \u00ab&nbsp;culture technique&nbsp;\u00bb, le troisi\u00e8me attracteur se focalise sur les utilisations g\u00e9n\u00e9ralis\u00e9es d&rsquo;instruments \u00ab&nbsp;num\u00e9ris\u00e9s&nbsp;\u00bb, contribuant \u00e0 une \u00ab&nbsp;culture num\u00e9rique&nbsp;\u00bb et int\u00e9grant des th\u00e9matiques li\u00e9es \u00e0 l&rsquo;appropriation des m\u00e9dias num\u00e9riques (\u00ab&nbsp;\u00e9ducation aux m\u00e9dias&nbsp;\u00bb). Une autre proposition repose sur une r\u00e9partition en trois piliers&nbsp;: le premier embrasse les concepts et notions fondant l&rsquo;informatique comme discipline scientifique&nbsp;; le second vise \u00e0 l&rsquo;appropriation d&rsquo;une technique d&rsquo;utilisation d&rsquo;outils num\u00e9riques, alors que le troisi\u00e8me pilier est form\u00e9 des connaissances et r\u00e9flexions relatives aux m\u00e9dias num\u00e9riques.<\/p>\n<p>Ces repr\u00e9sentations, proches, mais distinctes, non-exclusives, constituent autant de tentatives de classification ayant pour but d&rsquo;offrir une intelligibilit\u00e9 am\u00e9lior\u00e9e des \u00e9l\u00e9ments composant le domaine de l&rsquo;\u00e9ducation \u00e0 l&rsquo;informatique.<\/p>\n<p>Elles soulignent la distance les s\u00e9parant et permettent de poser diff\u00e9remment les probl\u00e9matiques comme celle des objets de savoir, de la formation et du profil des enseignant\u00b7e\u00b7s amen\u00e9\u00b7e\u00b7s \u00e0 les enseigner.<\/p>\n<p>La premi\u00e8re conf\u00e9rence de l\u2019Association Francophone pour la Didactique de l\u2019Informatique, anc\u00eatre de Didapro, en 1989, proposait des articles scientifiques avec des intitul\u00e9s tels qu\u2019\u00ab&nbsp;Enseignement de m\u00e9thodes de programmation dans l\u2019initiation \u00e0 l\u2019informatique&nbsp;\u00bb, \u00ab&nbsp;L\u2019apprentissage de la programmation&nbsp;\u00bb ou encore \u00ab&nbsp;Des univers et des outils vari\u00e9s pour commencer \u00e0 programmer&nbsp;\u00bb.<\/p>\n<p>Nous pourrions fort bien imaginer qu\u2019il s\u2019agit de titres d\u2019articles pr\u00e9sent\u00e9s \u00e0 Didapro 7 en 2018&nbsp;! Si c\u2019\u00e9tait le cas, cela indiquerait que certaines questions persistent, sans toutefois signifier que nous sommes dans le cadre d\u2019une sorte d\u2019\u00e9ternel retour&nbsp;: on pourrait plut\u00f4t penser \u00e0 une sorte de spirale semblant nous avoir ramen\u00e9\u00b7e\u00b7s \u00e0 notre point de d\u00e9part, alors que nous sommes mont\u00e9\u00b7e\u00b7s d\u2019un ou de plusieurs crans. La conf\u00e9rence Didapro 2018 vise \u00e0 analyser les \u00e9volutions qui sont intervenues depuis les ann\u00e9es 80 et \u00e0 discuter les r\u00e9sultats de recherches r\u00e9centes. Les <strong>th\u00e9matiques<\/strong> (non exhaustives) choisies pour cette conf\u00e9rence sont les suivantes.<\/p>\n<h2 class=\"western\">Informatique&nbsp;: d\u00e9finition de l&rsquo;objet<\/h2>\n<p>Comment d\u00e9finir la discipline \u00ab&nbsp;informatique&nbsp;\u00bb&nbsp;? Existe-t-il aujourd&rsquo;hui un consensus pour en \u00e9tablir les contours&nbsp;? Qu&rsquo;est-ce qui en fait partie ou non&nbsp;? Comment repr\u00e9senter les diff\u00e9rents aspects de ce domaine&nbsp;? Comment les diff\u00e9rencier et comment sont-ils reli\u00e9s&nbsp;? Quelles \u00e9volutions dans l\u2019enseignement de l\u2019informatique depuis les ann\u00e9es 90&nbsp;?<\/p>\n<h2 class=\"western\">Politiques \u00e9ducatives, cursus scolaires et curricula en informatique<\/h2>\n<p>Quelle est la place de l&rsquo;enseignement de l&rsquo;informatique dans les diff\u00e9rents pays ou r\u00e9gions&nbsp;? Quels sont les r\u00e9sultats des exp\u00e9riences en cours&nbsp;? Au niveau des contenus, qu&rsquo;est-ce qui doit \u00eatre enseign\u00e9 dans les diff\u00e9rents degr\u00e9s&nbsp;? Si l&rsquo;informatique ne devait pas se r\u00e9duire au seul enseignement de la programmation, quels sont les autres aspects \u00e0 prendre en compte et comment les aborder avec les \u00e9l\u00e8ves&nbsp;?<\/p>\n<h2 class=\"western\">Quel\u00b7le\u00b7s enseignant\u00b7e\u00b7s pour quelle informatique&nbsp;?<\/h2>\n<p>Question de la formation. Comment organiser la formation des \u00e9l\u00e8ves en informatique dans les diff\u00e9rents degr\u00e9s&nbsp;? S\u2019agit-il de disposer d\u2019enseignant\u00b7e\u00b7s sp\u00e9cialistes form\u00e9\u00b7e\u00b7s en informatique au niveau universitaire pour enseigner d\u00e8s le niveau primaire&nbsp;? Au contraire, faut-il former l\u2019ensemble des enseignant\u00b7e\u00b7s g\u00e9n\u00e9ralistes \u00e0 l\u2019informatique afin qu\u2019ils ou elles l\u2019enseignent eux-m\u00eames ou elles-m\u00eames&nbsp;? Quel est l&rsquo;\u00e9tat des lieux de la situation dans les diff\u00e9rents pays, quels sont les probl\u00e9matiques rencontr\u00e9es et les r\u00e9sultats obtenus&nbsp;?<\/p>\n<h2 class=\"western\">Dispositifs pour l&rsquo;enseignement de l&rsquo;informatique<\/h2>\n<p>Robots, drones, imprimantes 3D, objets connect\u00e9s. De nombreux outils sont en train de voir le jour. Quels sont leurs apports pour l&rsquo;enseignement de l&rsquo;informatique&nbsp;? Y a-t-il d&rsquo;autres dispositifs innovants qui permettent d&rsquo;aborder la discipline sous un autre angle&nbsp;? Ou au contraire, faut-il se contenter d&rsquo;enseigner l&rsquo;informatique avec le couple \u00ab&nbsp;papier-crayon&nbsp;\u00bb&nbsp;? Que nous disent ces dispositifs vari\u00e9s sur les fonctions d&rsquo;enseignement-apprentissage mises en oeuvre pour l&rsquo;informatique?<\/p>\n","protected":false},"excerpt":{"rendered":"<p>Chacun\u00b7e s\u2019accorde aujourd\u2019hui sur la place pr\u00e9\u00e9minente qu\u2019occupent l\u2019informatique et les r\u00e9alisations qui en d\u00e9coulent dans nos soci\u00e9t\u00e9s. Pratiquement tous les domaines de l\u2019activit\u00e9 humaine ont \u00e9t\u00e9 profond\u00e9ment impact\u00e9s, transform\u00e9s, remodel\u00e9s par cette science et ses d\u00e9veloppements. Pour autant, l\u2019informatique en tant que discipline d\u2019enseignement reste jeune. Sa place dans les curricula, son statut, ses &hellip; <\/p>\n<p class=\"link-more\"><a href=\"https:\/\/www.didapro.org\/7\/objectifs-et-themes\/\" class=\"more-link\">Continuer la lecture<span class=\"screen-reader-text\"> de &laquo;&nbsp;Objectifs et th\u00e8mes&nbsp;&raquo;<\/span><\/a><\/p>\n","protected":false},"author":2,"featured_media":0,"parent":0,"menu_order":0,"comment_status":"closed","ping_status":"closed","template":"","meta":{"jetpack_post_was_ever_published":false,"footnotes":""},"class_list":["post-489","page","type-page","status-publish","hentry"],"jetpack_sharing_enabled":true,"jetpack_shortlink":"https:\/\/wp.me\/P8APBU-7T","jetpack-related-posts":[{"id":646,"url":"https:\/\/www.didapro.org\/7\/keynote-bers\/","url_meta":{"origin":489,"position":0},"title":"Conf\u00e9rence invit\u00e9e de Marina Umaschi Bers","author":"jppellet","date":"29 novembre 2017","format":false,"excerpt":"La programmation en tant que place de jeu d\u00e9veloppementale\u202f: la pens\u00e9e informatique et la robotique dans la petite enfance Marina Umaschi Bers \u00a0 Marina Umaschi Bers est professeure au d\u00e9partement Eliot-Pearson de l\u2019\u00e9tude de l\u2019enfant et du d\u00e9veloppement humain et au d\u00e9partement d\u2019informatique de la Tufts University. Elle dirige le\u2026","rel":"","context":"Article similaire","block_context":{"text":"Article similaire","link":""},"img":{"alt_text":"","src":"","width":0,"height":0},"classes":[]},{"id":353,"url":"https:\/\/www.didapro.org\/7\/","url_meta":{"origin":489,"position":1},"title":"Accueil","author":"admin","date":"7 ao\u00fbt 2016","format":false,"excerpt":"Didapro 7 \u2013 DidaSTIC De 0 \u00e0 1 ou l\u2019heure de l\u2019informatique \u00e0 l\u2019\u00e9cole Colloque de didactique de l\u2019informatique 7 \u2013 9 f\u00e9vrier 2018 HEP Vaud, Lausanne Depuis 1988, les colloques de didactique de l'informatique, puis le colloque Didapro \u2013 DidaSTIC explorent les th\u00e8mes autour de l\u2019enseignement et l\u2019apprentissage de\u2026","rel":"","context":"Article similaire","block_context":{"text":"Article similaire","link":""},"img":{"alt_text":"","src":"","width":0,"height":0},"classes":[]},{"id":643,"url":"https:\/\/www.didapro.org\/7\/keynote-kalas\/","url_meta":{"origin":489,"position":2},"title":"Conf\u00e9rence invit\u00e9e d\u2019Ivan Kala\u0161","author":"jppellet","date":"29 novembre 2017","format":false,"excerpt":"La programmation \u00e0 l\u2019\u00e9cole primaire\u202f: de Papert \u00e0 la nouvelle informatique Ivan Kala\u0161 \u00a0 \u00a0 Cette conf\u00e9rence sera donn\u00e9e en anglais. Ces derni\u00e8res ann\u00e9es, nous avons \u00e9t\u00e9 t\u00e9moins d\u2019un regain d\u2019int\u00e9r\u00eat sans pr\u00e9c\u00e9dent pour la programmation \u00e9ducative, non seulement \u00e0 l\u2019\u00e9cole secondaire, mais aussi \u00e0 l\u2019\u00e9cole primaire et m\u00eame \u00e0\u2026","rel":"","context":"Article similaire","block_context":{"text":"Article similaire","link":""},"img":{"alt_text":"","src":"","width":0,"height":0},"classes":[]},{"id":604,"url":"https:\/\/www.didapro.org\/7\/programme\/","url_meta":{"origin":489,"position":3},"title":"Programme","author":"jppellet","date":"27 octobre 2017","format":false,"excerpt":"Mercredi 7 f\u00e9vrier 2018 8h30 - 9h00Accueil9h00 - 9h30Salle B21-308Ouverture du colloque9h30 - 10h30Salle B21-308Conf\u00e9rence invit\u00e9ePens\u00e9e computationnelle: pour un n\u00e9opapertisme durable car sceptiquePierre Dillenbourg \u2013 Dans les actes: pp. 17 -19Lien vers la vid\u00e9o: https:\/\/vimeo.com\/25481175710h30 - 11h00PauseSalle B21-308Session de pr\u00e9sentationsVers l\u2019acquisition de savoirs informatiquesPr\u00e9sidence: Yannis Delmas-Rigoutsos11h00 - 11h30Concours Castor, ressource\u2026","rel":"","context":"Article similaire","block_context":{"text":"Article similaire","link":""},"img":{"alt_text":"","src":"https:\/\/i0.wp.com\/www.didapro.org\/7\/wp-content\/uploads\/sites\/2\/2017\/10\/program_3.jpg?fit=1200%2C720&ssl=1&resize=350%2C200","width":350,"height":200,"srcset":"https:\/\/i0.wp.com\/www.didapro.org\/7\/wp-content\/uploads\/sites\/2\/2017\/10\/program_3.jpg?fit=1200%2C720&ssl=1&resize=350%2C200 1x, https:\/\/i0.wp.com\/www.didapro.org\/7\/wp-content\/uploads\/sites\/2\/2017\/10\/program_3.jpg?fit=1200%2C720&ssl=1&resize=525%2C300 1.5x, https:\/\/i0.wp.com\/www.didapro.org\/7\/wp-content\/uploads\/sites\/2\/2017\/10\/program_3.jpg?fit=1200%2C720&ssl=1&resize=700%2C400 2x, https:\/\/i0.wp.com\/www.didapro.org\/7\/wp-content\/uploads\/sites\/2\/2017\/10\/program_3.jpg?fit=1200%2C720&ssl=1&resize=1050%2C600 3x"},"classes":[]},{"id":878,"url":"https:\/\/www.didapro.org\/7\/articles\/","url_meta":{"origin":489,"position":4},"title":"Articles","author":"didaproupdate","date":"20 d\u00e9cembre 2020","format":false,"excerpt":"Titre: La formation des nouveaux \u00e9tudiants \u00e0 l\u2019usage des TIC: m\u00e9thode des invariants ou apprentissage des proc\u00e9dures?Auteur\u00b7e(\u00b7s): Sylvie Tissot, Mireille B\u00e9trancourt Titre: Former \u00e0 la programmation en primaire, une form\u2019action: Robots d\u2019Evian 2015\u20132018Auteur\u00b7e(\u00b7s): Fr\u00e9d\u00e9rique Chessel Lazzarotto Titre: Que signifie \u00e9duquer au num\u00e9rique? Pour une approche interdisciplinaireAuteur\u00b7e(\u00b7s): Julie Henry, Alyson Hernalesteen,\u2026","rel":"","context":"Article similaire","block_context":{"text":"Article similaire","link":""},"img":{"alt_text":"","src":"https:\/\/i0.wp.com\/www.didapro.org\/7\/wp-content\/uploads\/sites\/2\/2020\/12\/3aa3045a-2f2b-44ae-a8b6-3fe4ece85c72-scaled.jpg?fit=1200%2C831&ssl=1&resize=350%2C200","width":350,"height":200,"srcset":"https:\/\/i0.wp.com\/www.didapro.org\/7\/wp-content\/uploads\/sites\/2\/2020\/12\/3aa3045a-2f2b-44ae-a8b6-3fe4ece85c72-scaled.jpg?fit=1200%2C831&ssl=1&resize=350%2C200 1x, https:\/\/i0.wp.com\/www.didapro.org\/7\/wp-content\/uploads\/sites\/2\/2020\/12\/3aa3045a-2f2b-44ae-a8b6-3fe4ece85c72-scaled.jpg?fit=1200%2C831&ssl=1&resize=525%2C300 1.5x, https:\/\/i0.wp.com\/www.didapro.org\/7\/wp-content\/uploads\/sites\/2\/2020\/12\/3aa3045a-2f2b-44ae-a8b6-3fe4ece85c72-scaled.jpg?fit=1200%2C831&ssl=1&resize=700%2C400 2x, https:\/\/i0.wp.com\/www.didapro.org\/7\/wp-content\/uploads\/sites\/2\/2020\/12\/3aa3045a-2f2b-44ae-a8b6-3fe4ece85c72-scaled.jpg?fit=1200%2C831&ssl=1&resize=1050%2C600 3x"},"classes":[]},{"id":810,"url":"https:\/\/www.didapro.org\/7\/videos\/","url_meta":{"origin":489,"position":5},"title":"Vid\u00e9os","author":"7","date":"19 f\u00e9vrier 2018","format":false,"excerpt":"Mercredi 7 f\u00e9vrier 2018 Conf\u00e9rence invit\u00e9e \u00abPens\u00e9e computationnelle \u202f: pour un n\u00e9opapertisme durable car sceptique\u00bb Pierre Dillenbourg \u2013 \u00c9cole Polytechnique F\u00e9d\u00e9rale de Lausanne, Suisse \u00a0 Table ronde sur le th\u00e8me \u00ab Ressources pour l'enseignement de l'informatique: quelle alliance entre recherche, entreprise, pratique et d\u00e9cision?\u00bb Anim\u00e9e par Georges-Louis Baron \u2013 Universit\u00e9\u2026","rel":"","context":"Article similaire","block_context":{"text":"Article similaire","link":""},"img":{"alt_text":"","src":"https:\/\/i0.wp.com\/www.didapro.org\/7\/wp-content\/uploads\/sites\/2\/2018\/02\/header-bolo.jpg?fit=1200%2C720&ssl=1&resize=350%2C200","width":350,"height":200,"srcset":"https:\/\/i0.wp.com\/www.didapro.org\/7\/wp-content\/uploads\/sites\/2\/2018\/02\/header-bolo.jpg?fit=1200%2C720&ssl=1&resize=350%2C200 1x, https:\/\/i0.wp.com\/www.didapro.org\/7\/wp-content\/uploads\/sites\/2\/2018\/02\/header-bolo.jpg?fit=1200%2C720&ssl=1&resize=525%2C300 1.5x, https:\/\/i0.wp.com\/www.didapro.org\/7\/wp-content\/uploads\/sites\/2\/2018\/02\/header-bolo.jpg?fit=1200%2C720&ssl=1&resize=700%2C400 2x, https:\/\/i0.wp.com\/www.didapro.org\/7\/wp-content\/uploads\/sites\/2\/2018\/02\/header-bolo.jpg?fit=1200%2C720&ssl=1&resize=1050%2C600 3x"},"classes":[]}],"jetpack_likes_enabled":true,"_links":{"self":[{"href":"https:\/\/www.didapro.org\/7\/wp-json\/wp\/v2\/pages\/489","targetHints":{"allow":["GET"]}}],"collection":[{"href":"https:\/\/www.didapro.org\/7\/wp-json\/wp\/v2\/pages"}],"about":[{"href":"https:\/\/www.didapro.org\/7\/wp-json\/wp\/v2\/types\/page"}],"author":[{"embeddable":true,"href":"https:\/\/www.didapro.org\/7\/wp-json\/wp\/v2\/users\/2"}],"replies":[{"embeddable":true,"href":"https:\/\/www.didapro.org\/7\/wp-json\/wp\/v2\/comments?post=489"}],"version-history":[{"count":4,"href":"https:\/\/www.didapro.org\/7\/wp-json\/wp\/v2\/pages\/489\/revisions"}],"predecessor-version":[{"id":499,"href":"https:\/\/www.didapro.org\/7\/wp-json\/wp\/v2\/pages\/489\/revisions\/499"}],"wp:attachment":[{"href":"https:\/\/www.didapro.org\/7\/wp-json\/wp\/v2\/media?parent=489"}],"curies":[{"name":"wp","href":"https:\/\/api.w.org\/{rel}","templated":true}]}}