{"id":507,"date":"2017-05-05T17:13:00","date_gmt":"2017-05-05T15:13:00","guid":{"rendered":"https:\/\/didapro.org\/9abc\/?page_id=507"},"modified":"2026-02-24T10:37:05","modified_gmt":"2026-02-24T09:37:05","slug":"contributions-dates","status":"publish","type":"page","link":"https:\/\/www.didapro.org\/11\/contributions-dates\/","title":{"rendered":"Appel \u00e0 contributions"},"content":{"rendered":"\n<p>Quatre types de contributions peuvent \u00eatre propos\u00e9es :<\/p>\n\n\n\n<ul class=\"wp-block-list\">\n<li>article long (8 \u00e0 12 pages)<\/li>\n\n\n\n<li>article court (4 \u00e0 6 pages)<\/li>\n\n\n\n<li>poster (2 \u00e0 4 pages pour la proposition)<\/li>\n\n\n\n<li>atelier (1 \u00e0 4 pages pour la description de l\u2019atelier)<\/li>\n<\/ul>\n\n\n\n<p>Les contributions sont soumises via la plateforme <a href=\"https:\/\/easychair.org\/conferences?conf=didapro11\" target=\"_blank\" rel=\"noreferrer noopener\">EasyChair<\/a> avant les dates sp\u00e9cifi\u00e9es ci-dessous. Les contributions sont \u00e0 r\u00e9diger en fran\u00e7ais en respectant le format LNCS (sur la base des <a href=\"https:\/\/www.springer.com\/fr\/computer-science\/lncs\/conference-proceedings-guidelines\" target=\"_blank\" rel=\"noreferrer noopener\">mod\u00e8les Doc et LaTeX<\/a>).<\/p>\n\n\n\n<div class=\"wp-block-buttons is-content-justification-center is-layout-flex wp-container-core-buttons-is-layout-16018d1d wp-block-buttons-is-layout-flex\">\n<div class=\"wp-block-button\"><a class=\"wp-block-button__link has-text-align-center wp-element-button\" href=\"https:\/\/easychair.org\/conferences?conf=didapro11\">Soumettre une contribution<\/a><\/div>\n<\/div>\n\n\n\n<h3 class=\"wp-block-heading\" id=\"Dates-importantes\">Dates importantes<\/h3>\n\n\n\n<figure class=\"wp-block-table\"><table class=\"has-fixed-layout\"><tbody><tr><td>D\u00e9p\u00f4t des articles complets<\/td><td>12 d\u00e9cembre 2025<\/td><\/tr><tr><td>D\u00e9p\u00f4t des propositions de posters<\/td><td>12 d\u00e9cembre 2025<\/td><\/tr><tr><td>D\u00e9p\u00f4t des propositions pour les ateliers<\/td><td>12 d\u00e9cembre 2025<\/td><\/tr><tr><td>Notification d\u2019acceptation des articles<\/td><td>23 janvier 2026<\/td><\/tr><tr><td>D\u00e9p\u00f4t des articles finalis\u00e9s<\/td><td>20 f\u00e9vrier 2026<\/td><\/tr><tr><td>Fermeture des inscriptions<\/td><td>1er mars 2026<\/td><\/tr><tr><td>Tenue du colloque<\/td><td>10 au 12 mars 2026<\/td><\/tr><\/tbody><\/table><\/figure>\n\n\n\n<h3 class=\"wp-block-heading\">Format des contributions<\/h3>\n\n\n\n<p><span style=\"color: #000000\">Toutes les contributions sont \u00e0 d\u00e9poser<span style=\"color: #000000\"> par <a href=\"https:\/\/easychair.org\/conferences?conf=didapro11\" target=\"_blank\" rel=\"noreferrer noopener\">EasyChair<\/a><\/span> selon les indications suivantes :<\/span><\/p>\n\n\n\n<ul class=\"wp-block-list\">\n<li>Les textes sont \u00e0 r\u00e9diger en fran\u00e7ais.<\/li>\n\n\n\n<li>L<span style=\"color: #000000\">es contributions sont \u00e0 <\/span>d\u00e9poser au format PDF en respectant le format LNCS, sur la base des <a href=\"https:\/\/www.springer.com\/fr\/computer-science\/lncs\/conference-proceedings-guidelines\" target=\"_blank\" rel=\"noreferrer noopener\">mod\u00e8les Doc et LaTeX<\/a>.<\/li>\n\n\n\n<li>L<span style=\"color: #000000\">es contributions sont \u00e0 anonymiser enti\u00e8rement lors de la soumission (ne pas mentionner les auteurs ou affiliations)<\/span><\/li>\n<\/ul>\n\n\n\n<p><span style=\"color: #000000\">Le texte des contributions pourra \u00eatre l\u00e9g\u00e8rement reformat\u00e9, en cas d&rsquo;acceptation, pour les besoins de l&rsquo;\u00e9diteur.<\/span><\/p>\n\n\n\n<h4 class=\"wp-block-heading\">Articles<\/h4>\n\n\n\n<p>Les articles pr\u00e9sentent des contributions scientifiques originales relevant des th\u00e9matiques du colloques. Deux formats sont accept\u00e9s&nbsp;:<\/p>\n\n\n\n<ul class=\"wp-block-list\">\n<li>article long (8 \u00e0 12 pages, environ 20 000 \u00e0 30 000 caract\u00e8res)<\/li>\n\n\n\n<li>article court (4 \u00e0 6 pages, environ 10 000 \u00e0 15 000 caract\u00e8res)<\/li>\n<\/ul>\n\n\n\n<p>En cas d&rsquo;acceptation, au moins un\u22c5e auteur\u22c5e de la contribution devra \u00eatre pr\u00e9sent\u22c5e pour pr\u00e9senter la contribution au colloque.<\/p>\n\n\n\n<h4 class=\"wp-block-heading\">Posters<\/h4>\n\n\n\n<p><span style=\"color: #000000\">Les posters d\u00e9crivent des travaux r\u00e9cemment compl\u00e9t\u00e9s ou encore en cours, des applications concr\u00e8tes, ou illustrent des pratiques correspondant aux th\u00e9matiques du colloque.<\/span><\/p>\n\n\n\n<p><span style=\"color: #000000\">Les propositions de poster se font dans le m\u00eame format que les contributions d\u2019articles, avec un maximum de 4 pages. Le texte inclut un r\u00e9sum\u00e9, une description de la probl\u00e9matique abord\u00e9e, de la m\u00e9thodologie de recherche ou des pratiques appliqu\u00e9es, et si possible des r\u00e9sultats.<\/span><\/p>\n\n\n\n<p>En cas d&rsquo;acceptation, un poster au format A0 portrait devra \u00eatre apport\u00e9 et pr\u00e9sent\u00e9 par au moins un\u22c5e auteur\u22c5e.<\/p>\n\n\n\n<h4 class=\"wp-block-heading\">Ateliers<\/h4>\n\n\n\n<p><span style=\"color: #000000\">Les ateliers sont des occasions de pr\u00e9senter et faire exp\u00e9rimenter un outil, une d\u00e9marche, une th\u00e9matique appliqu\u00e9e \u00e0 l\u2019enseignement et \u00e0 l\u2019apprentissage de l\u2019informatique. Se d\u00e9roulant en plus petit comit\u00e9 que les s\u00e9ances pl\u00e9ni\u00e8res et de fa\u00e7on plus interactive, ils durent environ 45 minutes et auront lieu le mercredi 11 mars lors de la journ\u00e9e \u00e9galement ouverte aux enseignant\u00b7e\u00b7s. Ils sont potentiellement tenus plusieurs fois de suite afin de proposer aux participant\u00b7e\u00b7s un choix plus large.<\/span><\/p>\n\n\n\n<p><span style=\"color: #000000\">Les propositions d\u2019ateliers se font dans le m\u00eame format que les contributions d\u2019articles, avec un maximum de 4 pages. Le texte inclut un r\u00e9sum\u00e9 de la th\u00e9matique de l\u2019atelier, une liste du mat\u00e9riel requis ou fourni par les organisateur\u22c5ices, un nombre maximal de participants et une description des activit\u00e9s r\u00e9alis\u00e9es pendant le temps \u00e0 disposition.<\/span><\/p>\n\n\n\n<p><\/p>\n","protected":false},"excerpt":{"rendered":"<p>Quatre types de contributions peuvent \u00eatre propos\u00e9es : Les contributions sont soumises via la plateforme EasyChair avant les dates sp\u00e9cifi\u00e9es ci-dessous. Les contributions sont \u00e0 r\u00e9diger en fran\u00e7ais en respectant le format LNCS (sur la base des mod\u00e8les Doc et LaTeX). Dates importantes D\u00e9p\u00f4t des articles complets 12 d\u00e9cembre 2025 D\u00e9p\u00f4t des propositions de posters &hellip; <\/p>\n<p class=\"link-more\"><a href=\"https:\/\/www.didapro.org\/11\/contributions-dates\/\" class=\"more-link\">Continuer la lecture<span class=\"screen-reader-text\"> de &laquo;&nbsp;Appel \u00e0 contributions&nbsp;&raquo;<\/span><\/a><\/p>\n","protected":false},"author":3,"featured_media":458,"parent":0,"menu_order":0,"comment_status":"closed","ping_status":"closed","template":"","meta":{"jetpack_post_was_ever_published":true,"footnotes":""},"class_list":["post-507","page","type-page","status-publish","has-post-thumbnail","hentry"],"jetpack_sharing_enabled":true,"jetpack_shortlink":"https:\/\/wp.me\/PgWH6T-8b","jetpack-related-posts":[{"id":353,"url":"https:\/\/www.didapro.org\/11\/","url_meta":{"origin":507,"position":0},"title":"Accueil","author":"admin","date":"7 ao\u00fbt 2016","format":false,"excerpt":"Didapro 11 \u2013 DidaSTIC 11\u00e8me colloque francophone de didactique de l'informatique 10 \u2012 12 mars 2026 Grenoble \u00a0 Depuis 1988, les colloques de didactique de l\u2019informatique, puis le colloque Didapro \u2013 DidaSTIC explorent les th\u00e8mes autour de l\u2019enseignement et l\u2019apprentissage de l\u2019informatique. La 11\u00e8me \u00e9dition (Didapro 11), port\u00e9e par le\u2026","rel":"","context":"Article similaire","block_context":{"text":"Article similaire","link":""},"img":{"alt_text":"Inria","src":"https:\/\/i0.wp.com\/www.didapro.org\/11\/wp-content\/uploads\/sites\/8\/2025\/09\/inr_logo_rouge.png?resize=350%2C200&ssl=1","width":350,"height":200,"srcset":"https:\/\/i0.wp.com\/www.didapro.org\/11\/wp-content\/uploads\/sites\/8\/2025\/09\/inr_logo_rouge.png?resize=350%2C200&ssl=1 1x, https:\/\/i0.wp.com\/www.didapro.org\/11\/wp-content\/uploads\/sites\/8\/2025\/09\/inr_logo_rouge.png?resize=525%2C300&ssl=1 1.5x"},"classes":[]},{"id":489,"url":"https:\/\/www.didapro.org\/11\/objectifs-et-themes\/","url_meta":{"origin":507,"position":1},"title":"Objectifs et th\u00e8mes","author":"7","date":"18 avril 2017","format":false,"excerpt":"Depuis 1988, les colloques de didactique de l\u2019informatique puis les colloques Didapro \u2013 DidaSTIC explorent les th\u00e8mes autour de l\u2019enseignement et l\u2019apprentissage de l\u2019informatique. La 11\u00e8me \u00e9dition (Didapro 11), port\u00e9e par le LIG (Laboratoire d\u2019Informatique de Grenoble) avec l\u2019Inria et l\u2019Insp\u00e9 de l\u2019Acad\u00e9mie de Grenoble, se d\u00e9roulera sur trois jours,\u2026","rel":"","context":"Article similaire","block_context":{"text":"Article similaire","link":""},"img":{"alt_text":"","src":"","width":0,"height":0},"classes":[]},{"id":1591,"url":"https:\/\/www.didapro.org\/11\/conferences-et-contributions\/","url_meta":{"origin":507,"position":2},"title":"Conf\u00e9rences et contributions","author":"emmanuel","date":"30 janvier 2026","format":false,"excerpt":"Conf\u00e9rences invit\u00e9es Pascal Lafourcade \u2013 Cryptographie & P\u00e9dagogie, Le jeu au service des chiffres C\u00e9cile Favre \u2013 Tant que problemes\u00a0=\u00a0vrai Faire Intervention(Informatique, Genre) Martin Quinson \u2013 Enseigner l'informatique sans ordinateur, retour d'exp\u00e9rience d'intervention d'\u00e9l\u00e8ves ENS de L3 en cycle 3 Contributions Session 1 \u2013 Pens\u00e9e informatique Robotique scolaire et d\u00e9veloppement\u2026","rel":"","context":"Article similaire","block_context":{"text":"Article similaire","link":""},"img":{"alt_text":"","src":"","width":0,"height":0},"classes":[]},{"id":1618,"url":"https:\/\/www.didapro.org\/11\/ateliers\/","url_meta":{"origin":507,"position":3},"title":"Ateliers","author":"emmanuel","date":"17 f\u00e9vrier 2026","format":false,"excerpt":"Session 1 (A1) Mod\u00e8les et instruments pour l\u2019enseignement et l\u2019apprentissage de la programmation en Python \u2013 S\u00e9bastien Hoarau et Christophe Declercq Cet atelier propose de manipuler deux mod\u00e8les m\u00e9moires ou \u00ab machines notionnelles \u00bb, d\u00e9di\u00e9s \u00e0 l'apprentissage du langage Python : le mod\u00e8le d'ardoise et le mod\u00e8le de r\u00e9f\u00e9rences. Les\u2026","rel":"","context":"Article similaire","block_context":{"text":"Article similaire","link":""},"img":{"alt_text":"","src":"","width":0,"height":0},"classes":[]},{"id":604,"url":"https:\/\/www.didapro.org\/11\/programme\/","url_meta":{"origin":507,"position":4},"title":"Programme","author":"jppellet","date":"27 octobre 2017","format":false,"excerpt":"Mardi 10 mars 8h309hAccueil9h9h30Ouverture du colloque9h3010h30Conf\u00e9rence invit\u00e9e de Pascal LafourcadeCryptographie & P\u00e9dagogie, Le jeu au service des chiffres10h3011hPause11h12h30Session 1 \u2013 Pens\u00e9e informatique\u2014 Robotique scolaire et d\u00e9veloppement de la pens\u00e9e computationnelle : r\u00f4les du niveau socio\u00e9conomique et des performances scolaires \u2013 Rawad Chaker\u2014 Du \u00ab faire \u00bb au \u00ab dire \u00bb\u2026","rel":"","context":"Article similaire","block_context":{"text":"Article similaire","link":""},"img":{"alt_text":"","src":"https:\/\/i0.wp.com\/www.didapro.org\/11\/wp-content\/uploads\/sites\/8\/2017\/10\/program_3.jpg?fit=1200%2C720&ssl=1&resize=350%2C200","width":350,"height":200,"srcset":"https:\/\/i0.wp.com\/www.didapro.org\/11\/wp-content\/uploads\/sites\/8\/2017\/10\/program_3.jpg?fit=1200%2C720&ssl=1&resize=350%2C200 1x, https:\/\/i0.wp.com\/www.didapro.org\/11\/wp-content\/uploads\/sites\/8\/2017\/10\/program_3.jpg?fit=1200%2C720&ssl=1&resize=525%2C300 1.5x, https:\/\/i0.wp.com\/www.didapro.org\/11\/wp-content\/uploads\/sites\/8\/2017\/10\/program_3.jpg?fit=1200%2C720&ssl=1&resize=700%2C400 2x, https:\/\/i0.wp.com\/www.didapro.org\/11\/wp-content\/uploads\/sites\/8\/2017\/10\/program_3.jpg?fit=1200%2C720&ssl=1&resize=1050%2C600 3x"},"classes":[]},{"id":552,"url":"https:\/\/www.didapro.org\/11\/lieu-et-hebergement\/","url_meta":{"origin":507,"position":5},"title":"Lieu et acc\u00e8s","author":"7","date":"24 ao\u00fbt 2017","format":false,"excerpt":"Lieu Le colloque se d\u00e9roulera \u00e0 la MaCI \u2013 Maison de la Cr\u00e9ation et de l'Innovation sur le campus de Saint-Martin-d'H\u00e8res. L'adresse est 339 avenue Centrale, Saint Martin d'H\u00e8res. Certains ateliers auront lieu dans les locaux de l'Ensimag, \u00e0 proximit\u00e9 imm\u00e9diate de la MaCI. H\u00e9bergement Pas d'h\u00e9bergement recommand\u00e9 en particulier,\u2026","rel":"","context":"Article similaire","block_context":{"text":"Article similaire","link":""},"img":{"alt_text":"","src":"https:\/\/i0.wp.com\/www.didapro.org\/11\/wp-content\/uploads\/sites\/8\/2019\/03\/lilliad-exterieur.jpg?fit=920%2C433&ssl=1&resize=350%2C200","width":350,"height":200,"srcset":"https:\/\/i0.wp.com\/www.didapro.org\/11\/wp-content\/uploads\/sites\/8\/2019\/03\/lilliad-exterieur.jpg?fit=920%2C433&ssl=1&resize=350%2C200 1x, https:\/\/i0.wp.com\/www.didapro.org\/11\/wp-content\/uploads\/sites\/8\/2019\/03\/lilliad-exterieur.jpg?fit=920%2C433&ssl=1&resize=525%2C300 1.5x, https:\/\/i0.wp.com\/www.didapro.org\/11\/wp-content\/uploads\/sites\/8\/2019\/03\/lilliad-exterieur.jpg?fit=920%2C433&ssl=1&resize=700%2C400 2x"},"classes":[]}],"jetpack_likes_enabled":true,"_links":{"self":[{"href":"https:\/\/www.didapro.org\/11\/wp-json\/wp\/v2\/pages\/507","targetHints":{"allow":["GET"]}}],"collection":[{"href":"https:\/\/www.didapro.org\/11\/wp-json\/wp\/v2\/pages"}],"about":[{"href":"https:\/\/www.didapro.org\/11\/wp-json\/wp\/v2\/types\/page"}],"author":[{"embeddable":true,"href":"https:\/\/www.didapro.org\/11\/wp-json\/wp\/v2\/users\/3"}],"replies":[{"embeddable":true,"href":"https:\/\/www.didapro.org\/11\/wp-json\/wp\/v2\/comments?post=507"}],"version-history":[{"count":59,"href":"https:\/\/www.didapro.org\/11\/wp-json\/wp\/v2\/pages\/507\/revisions"}],"predecessor-version":[{"id":1695,"href":"https:\/\/www.didapro.org\/11\/wp-json\/wp\/v2\/pages\/507\/revisions\/1695"}],"wp:featuredmedia":[{"embeddable":true,"href":"https:\/\/www.didapro.org\/11\/wp-json\/wp\/v2\/media\/458"}],"wp:attachment":[{"href":"https:\/\/www.didapro.org\/11\/wp-json\/wp\/v2\/media?parent=507"}],"curies":[{"name":"wp","href":"https:\/\/api.w.org\/{rel}","templated":true}]}}