{"id":476,"date":"2017-04-14T21:02:49","date_gmt":"2017-04-14T19:02:49","guid":{"rendered":"https:\/\/didapro.org\/9abc\/?page_id=476"},"modified":"2026-01-26T15:44:31","modified_gmt":"2026-01-26T14:44:31","slug":"comites","status":"publish","type":"page","link":"https:\/\/www.didapro.org\/11\/comites\/","title":{"rendered":"Comit\u00e9s"},"content":{"rendered":"\n<h2 class=\"wp-block-heading\">Comit\u00e9 scientifique<\/h2>\n\n\n\n<figure class=\"wp-block-table is-style-stripes\" style=\"line-height:1\"><table><tbody><tr><td>Georges-Louis<\/td><td>Baron<\/td><td>Universit\u00e9 Paris Descartes<\/td><\/tr><tr><td>Emmanuel<\/td><td>Beffara<\/td><td>Universit\u00e9 Grenoble Alpes<\/td><\/tr><tr><td>Jacques<\/td><td>B\u00e9ziat<\/td><td>Universit\u00e9 de Caen Normandie<\/td><\/tr><tr><td>Laetitia<\/td><td>Boulc&rsquo;h<\/td><td>Universit\u00e9 Paris Descartes<\/td><\/tr><tr><td>Pascale<\/td><td>Brandt-Pomares<\/td><td>Aix-Marseille Universit\u00e9<\/td><\/tr><tr><td>Julien<\/td><td>Broisin<\/td><td>Universit\u00e9 de Toulouse<\/td><\/tr><tr><td>Eric<\/td><td>Bruillard<\/td><td>Universit\u00e9 Paris Descartes<\/td><\/tr><tr><td>Julien<\/td><td>Bugmann<\/td><td>HEP Vaud<\/td><\/tr><tr><td>Pierre-Andr\u00e9<\/td><td>Caron<\/td><td>Universit\u00e9 de Lille<\/td><\/tr><tr><td>Thierry<\/td><td>Danquigny<\/td><td>Universit\u00e9 de Lille<\/td><\/tr><tr><td>Liesbeth<\/td><td>De Mol<\/td><td>CNRS Universit\u00e9 de Lille<\/td><\/tr><tr><td>Christophe<\/td><td>Declercq<\/td><td>Universit\u00e9 de La R\u00e9union<\/td><\/tr><tr><td>Emmanuel<\/td><td>Desmontils<\/td><td>Universit\u00e9 de Nantes<\/td><\/tr><tr><td>B\u00e9atrice<\/td><td>Drot-Delange<\/td><td>Universit\u00e9 Clermont Auvergne<\/td><\/tr><tr><td>C\u00e9dric<\/td><td>Fluckiger<\/td><td>Universit\u00e9 de Lille<\/td><\/tr><tr><td>Olivier<\/td><td>Goletti<\/td><td>Universit\u00e9 Catholique de Louvain<\/td><\/tr><tr><td>Monique<\/td><td>Grandbastien<\/td><td>Universit\u00e9 de Lorraine<\/td><\/tr><tr><td>Julie<\/td><td>Henry<\/td><td>Universit\u00e9 de Namur<\/td><\/tr><tr><td>Micha<\/td><td>Hersch<\/td><td>HEP Vaud<\/td><\/tr><tr><td>S\u00e9bastien<\/td><td>Hoarau<\/td><td>Universit\u00e9 de La R\u00e9union<\/td><\/tr><tr><td>S\u00e9bastien<\/td><td>Jolivet<\/td><td>Universit\u00e9 de Gen\u00e8ve<\/td><\/tr><tr><td>Vassilis<\/td><td>Komis<\/td><td>Universit\u00e9 de Patras<\/td><\/tr><tr><td>Kim<\/td><td>Mens<\/td><td>Universit\u00e9 catholique de Louvain<\/td><\/tr><tr><td>Antoine<\/td><td>Meyer<\/td><td>Universit\u00e9 Gustave Eiffel<\/td><\/tr><tr><td>Mathieu<\/td><td>Muratet<\/td><td>INSHEA<\/td><\/tr><tr><td>Sandra<\/td><td>Nogry<\/td><td>Universit\u00e9 de Cergy-Pontoise<\/td><\/tr><tr><td>Gabriel<\/td><td>Parriaux<\/td><td>HEP Vaud<\/td><\/tr><tr><td>Jean-Philippe<\/td><td>Pellet<\/td><td>HEP Vaud<\/td><\/tr><tr><td>Yvan<\/td><td>Peter<\/td><td>Universit\u00e9 de Lille<\/td><\/tr><tr><td>Biljana<\/td><td>Petreska von Ritter<\/td><td>HEP Vaud<\/td><\/tr><tr><td>Maryna<\/td><td>Rafalska<\/td><td>Universit\u00e9 C\u00f4te d&rsquo;Azur<\/td><\/tr><tr><td>Val\u00e9rie<\/td><td>Renault<\/td><td>Le Mans Universit\u00e9<\/td><\/tr><tr><td>Margarida<\/td><td>Romero<\/td><td>Universit\u00e9 C\u00f4te d&rsquo;Azur<\/td><\/tr><tr><td>Yann<\/td><td>Secq<\/td><td>Universit\u00e9 de Lille<\/td><\/tr><tr><td>Arnauld<\/td><td>S\u00e9journ\u00e9<\/td><td>INSP\u00c9 de l\u2019acad\u00e9mie de Nantes<\/td><\/tr><tr><td>Emmanuelle<\/td><td>Voulgre<\/td><td>Universit\u00e9 Paris Descartes<\/td><\/tr><tr><td>Francis<\/td><td>Wyffels<\/td><td>Universiteit Gent<\/td><\/tr><tr><td>Amel<\/td><td>Yessad<\/td><td>Sorbonne Universit\u00e9<\/td><\/tr><\/tbody><\/table><\/figure>\n\n\n\n<h2 class=\"wp-block-heading\">Comit\u00e9 d&rsquo;organisation<\/h2>\n\n\n\n<p>Pour nous contacter\u00a0: <a href=\"mailto:didapro11@univ-grenoble-alpes.fr\">didapro11@univ-grenoble-alpes.fr<\/a><\/p>\n\n\n\n<ul class=\"wp-block-list\">\n<li>Maryline Althuser, Acad\u00e9mie de Grenoble<\/li>\n\n\n\n<li><a href=\"https:\/\/lig-membres.imag.fr\/beffarae\/\">Emmanuel Beffara<\/a>, UGA, LIG et Insp\u00e9 de Grenoble<\/li>\n\n\n\n<li><a href=\"https:\/\/mbodin.github.io\/\">Martin Bodin<\/a>, Inria<\/li>\n\n\n\n<li>L\u00e9a Richez, Vittascience et UPV<\/li>\n\n\n\n<li><a href=\"https:\/\/polaris.imag.fr\/jean-marc.vincent\/index.html\/\">Jean-Marc Vincent<\/a>, UGA, LIG et IM2AG<\/li>\n\n\n\n<li><a href=\"https:\/\/www-verimag.imag.fr\/~wack\/\">Benjamin Wack<\/a>, UGA, IM2AG<\/li>\n\n\n\n<li>Ga\u00eblle Walgenwitz, Acad\u00e9mie et Insp\u00e9 de Grenoble<\/li>\n<\/ul>\n\n\n\n<p><\/p>\n","protected":false},"excerpt":{"rendered":"<p>Comit\u00e9 scientifique Georges-Louis Baron Universit\u00e9 Paris Descartes Emmanuel Beffara Universit\u00e9 Grenoble Alpes Jacques B\u00e9ziat Universit\u00e9 de Caen Normandie Laetitia Boulc&rsquo;h Universit\u00e9 Paris Descartes Pascale Brandt-Pomares Aix-Marseille Universit\u00e9 Julien Broisin Universit\u00e9 de Toulouse Eric Bruillard Universit\u00e9 Paris Descartes Julien Bugmann HEP Vaud Pierre-Andr\u00e9 Caron Universit\u00e9 de Lille Thierry Danquigny Universit\u00e9 de Lille Liesbeth De Mol CNRS &hellip; <\/p>\n<p class=\"link-more\"><a href=\"https:\/\/www.didapro.org\/11\/comites\/\" class=\"more-link\">Continuer la lecture<span class=\"screen-reader-text\"> de &laquo;&nbsp;Comit\u00e9s&nbsp;&raquo;<\/span><\/a><\/p>\n","protected":false},"author":2,"featured_media":0,"parent":0,"menu_order":0,"comment_status":"closed","ping_status":"closed","template":"","meta":{"jetpack_post_was_ever_published":true,"footnotes":""},"class_list":["post-476","page","type-page","status-publish","hentry"],"jetpack_sharing_enabled":true,"jetpack_shortlink":"https:\/\/wp.me\/PgWH6T-7G","jetpack-related-posts":[{"id":507,"url":"https:\/\/www.didapro.org\/11\/contributions-dates\/","url_meta":{"origin":476,"position":0},"title":"Appel \u00e0 contributions","author":"jppellet","date":"5 mai 2017","format":false,"excerpt":"Quatre types de contributions peuvent \u00eatre propos\u00e9es : article long (8 \u00e0 12 pages) article court (4 \u00e0 6 pages) poster (2 \u00e0 4 pages pour la proposition) atelier (1 \u00e0 4 pages pour la description de l\u2019atelier) Les contributions sont soumises via la plateforme EasyChair avant les dates sp\u00e9cifi\u00e9es\u2026","rel":"","context":"Article similaire","block_context":{"text":"Article similaire","link":""},"img":{"alt_text":"","src":"https:\/\/i0.wp.com\/www.didapro.org\/11\/wp-content\/uploads\/sites\/8\/2017\/04\/header-didapro-1.jpg?fit=1200%2C720&ssl=1&resize=350%2C200","width":350,"height":200,"srcset":"https:\/\/i0.wp.com\/www.didapro.org\/11\/wp-content\/uploads\/sites\/8\/2017\/04\/header-didapro-1.jpg?fit=1200%2C720&ssl=1&resize=350%2C200 1x, https:\/\/i0.wp.com\/www.didapro.org\/11\/wp-content\/uploads\/sites\/8\/2017\/04\/header-didapro-1.jpg?fit=1200%2C720&ssl=1&resize=525%2C300 1.5x, https:\/\/i0.wp.com\/www.didapro.org\/11\/wp-content\/uploads\/sites\/8\/2017\/04\/header-didapro-1.jpg?fit=1200%2C720&ssl=1&resize=700%2C400 2x, https:\/\/i0.wp.com\/www.didapro.org\/11\/wp-content\/uploads\/sites\/8\/2017\/04\/header-didapro-1.jpg?fit=1200%2C720&ssl=1&resize=1050%2C600 3x"},"classes":[]}],"jetpack_likes_enabled":true,"_links":{"self":[{"href":"https:\/\/www.didapro.org\/11\/wp-json\/wp\/v2\/pages\/476","targetHints":{"allow":["GET"]}}],"collection":[{"href":"https:\/\/www.didapro.org\/11\/wp-json\/wp\/v2\/pages"}],"about":[{"href":"https:\/\/www.didapro.org\/11\/wp-json\/wp\/v2\/types\/page"}],"author":[{"embeddable":true,"href":"https:\/\/www.didapro.org\/11\/wp-json\/wp\/v2\/users\/2"}],"replies":[{"embeddable":true,"href":"https:\/\/www.didapro.org\/11\/wp-json\/wp\/v2\/comments?post=476"}],"version-history":[{"count":58,"href":"https:\/\/www.didapro.org\/11\/wp-json\/wp\/v2\/pages\/476\/revisions"}],"predecessor-version":[{"id":1586,"href":"https:\/\/www.didapro.org\/11\/wp-json\/wp\/v2\/pages\/476\/revisions\/1586"}],"wp:attachment":[{"href":"https:\/\/www.didapro.org\/11\/wp-json\/wp\/v2\/media?parent=476"}],"curies":[{"name":"wp","href":"https:\/\/api.w.org\/{rel}","templated":true}]}}