{"id":1092,"date":"2020-01-22T09:55:27","date_gmt":"2020-01-22T08:55:27","guid":{"rendered":"https:\/\/didapro.org\/9\/?page_id=1092"},"modified":"2025-06-24T20:41:53","modified_gmt":"2025-06-24T18:41:53","slug":"contact","status":"publish","type":"page","link":"https:\/\/www.didapro.org\/11\/contact\/","title":{"rendered":"Contact"},"content":{"rendered":"\n<p><a href=\"mailto:didapro11@univ-grenoble-alpes.fr\" data-type=\"mailto\" data-id=\"mailto:didapro@univ-lemans.fr\">didapro11@univ-grenoble-alpes.fr<\/a><\/p>\n\n\n\n<p><\/p>\n","protected":false},"excerpt":{"rendered":"<p>didapro11@univ-grenoble-alpes.fr<\/p>\n","protected":false},"author":6,"featured_media":0,"parent":0,"menu_order":0,"comment_status":"closed","ping_status":"closed","template":"","meta":{"jetpack_post_was_ever_published":true,"footnotes":""},"class_list":["post-1092","page","type-page","status-publish","hentry"],"jetpack_sharing_enabled":true,"jetpack_shortlink":"https:\/\/wp.me\/PgWH6T-hC","jetpack-related-posts":[{"id":476,"url":"https:\/\/www.didapro.org\/11\/comites\/","url_meta":{"origin":1092,"position":0},"title":"Comit\u00e9s","author":"7","date":"14 avril 2017","format":false,"excerpt":"Comit\u00e9 scientifique Georges-LouisBaronUniversit\u00e9 Paris DescartesEmmanuelBeffaraUniversit\u00e9 Grenoble AlpesJacquesB\u00e9ziatUniversit\u00e9 de Caen NormandieLaetitiaBoulc'hUniversit\u00e9 Paris DescartesPascaleBrandt-PomaresAix-Marseille Universit\u00e9JulienBroisinUniversit\u00e9 de ToulouseEricBruillardUniversit\u00e9 Paris DescartesJulienBugmannHEP VaudPierre-Andr\u00e9CaronUniversit\u00e9 de LilleThierryDanquignyUniversit\u00e9 de LilleLiesbethDe MolCNRS Universit\u00e9 de LilleChristopheDeclercqUniversit\u00e9 de La R\u00e9unionEmmanuelDesmontilsUniversit\u00e9 de NantesB\u00e9atriceDrot-DelangeUniversit\u00e9 Clermont AuvergneC\u00e9dricFluckigerUniversit\u00e9 de LilleOlivierGolettiUniversit\u00e9 Catholique de LouvainMoniqueGrandbastienUniversit\u00e9 de LorraineJulieHenryUniversit\u00e9 de NamurMichaHerschHEP VaudS\u00e9bastienHoarauUniversit\u00e9 de La R\u00e9unionS\u00e9bastienJolivetUniversit\u00e9 de Gen\u00e8veVassilisKomisUniversit\u00e9 de PatrasKimMensUniversit\u00e9\u2026","rel":"","context":"Article similaire","block_context":{"text":"Article similaire","link":""},"img":{"alt_text":"","src":"","width":0,"height":0},"classes":[]},{"id":733,"url":"https:\/\/www.didapro.org\/11\/partenaires\/","url_meta":{"origin":1092,"position":1},"title":"Organisateurs et partenaires","author":"7","date":"15 janvier 2018","format":false,"excerpt":"Le colloque Didapro 11 \u2013 DidaSTIC est soutenu par\u00a0: Centre Inria de l'Universit\u00e9 Grenoble AlpesLIG \u2013 Laboratoire d'Informatique de GrenobleInsp\u00e9 de l'Acad\u00e9mie de GrenobleR\u00e9seau des IREMLabEx PERSYVALSIF \u2013 Soci\u00e9t\u00e9 Informatique de FranceMIAI \u2013 Multidisciplinary Institute in Artificial intelligenceR\u00e9gion Auvergne-Rh\u00f4ne-Alpes","rel":"","context":"Article similaire","block_context":{"text":"Article similaire","link":""},"img":{"alt_text":"","src":"https:\/\/i0.wp.com\/www.didapro.org\/11\/wp-content\/uploads\/sites\/8\/2017\/04\/header-conference.jpg?fit=1200%2C720&ssl=1&resize=350%2C200","width":350,"height":200,"srcset":"https:\/\/i0.wp.com\/www.didapro.org\/11\/wp-content\/uploads\/sites\/8\/2017\/04\/header-conference.jpg?fit=1200%2C720&ssl=1&resize=350%2C200 1x, https:\/\/i0.wp.com\/www.didapro.org\/11\/wp-content\/uploads\/sites\/8\/2017\/04\/header-conference.jpg?fit=1200%2C720&ssl=1&resize=525%2C300 1.5x, https:\/\/i0.wp.com\/www.didapro.org\/11\/wp-content\/uploads\/sites\/8\/2017\/04\/header-conference.jpg?fit=1200%2C720&ssl=1&resize=700%2C400 2x, https:\/\/i0.wp.com\/www.didapro.org\/11\/wp-content\/uploads\/sites\/8\/2017\/04\/header-conference.jpg?fit=1200%2C720&ssl=1&resize=1050%2C600 3x"},"classes":[]},{"id":353,"url":"https:\/\/www.didapro.org\/11\/","url_meta":{"origin":1092,"position":2},"title":"Accueil","author":"admin","date":"7 ao\u00fbt 2016","format":false,"excerpt":"Didapro 11 \u2013 DidaSTIC 11\u00e8me colloque francophone de didactique de l'informatique 10 \u2012 12 mars 2026 Grenoble \u00a0 Depuis 1988, les colloques de didactique de l\u2019informatique, puis le colloque Didapro \u2013 DidaSTIC explorent les th\u00e8mes autour de l\u2019enseignement et l\u2019apprentissage de l\u2019informatique. La 11\u00e8me \u00e9dition (Didapro 11), port\u00e9e par le\u2026","rel":"","context":"Article similaire","block_context":{"text":"Article similaire","link":""},"img":{"alt_text":"Inria","src":"https:\/\/i0.wp.com\/www.didapro.org\/11\/wp-content\/uploads\/sites\/8\/2025\/09\/inr_logo_rouge.png?resize=350%2C200&ssl=1","width":350,"height":200,"srcset":"https:\/\/i0.wp.com\/www.didapro.org\/11\/wp-content\/uploads\/sites\/8\/2025\/09\/inr_logo_rouge.png?resize=350%2C200&ssl=1 1x, https:\/\/i0.wp.com\/www.didapro.org\/11\/wp-content\/uploads\/sites\/8\/2025\/09\/inr_logo_rouge.png?resize=525%2C300&ssl=1 1.5x"},"classes":[]},{"id":1545,"url":"https:\/\/www.didapro.org\/11\/inscription\/","url_meta":{"origin":1092,"position":3},"title":"Inscription","author":"emmanuel","date":"20 novembre 2025","format":false,"excerpt":"Tarifs Gratuit\u00e9 pour les enseignants de l'acad\u00e9mie de Grenoble qui participent uniquement \u00e0 la journ\u00e9e du mercredi 11 mars (inscrite au PAF) \u2014 inscription \u00e0 faire d'urgence 200 \u20ac TTC pour le tarif normal 100 \u20ac TTC pour le tarif r\u00e9duit (\u00e9tudiants, doctorants) Possibilit\u00e9 de s'inscrire comme accompagnant au d\u00eener\u2026","rel":"","context":"Article similaire","block_context":{"text":"Article similaire","link":""},"img":{"alt_text":"","src":"","width":0,"height":0},"classes":[]},{"id":552,"url":"https:\/\/www.didapro.org\/11\/lieu-et-hebergement\/","url_meta":{"origin":1092,"position":4},"title":"Lieu et acc\u00e8s","author":"7","date":"24 ao\u00fbt 2017","format":false,"excerpt":"Lieu Le colloque se d\u00e9roulera \u00e0 la MaCI \u2013 Maison de la Cr\u00e9ation et de l'Innovation sur le campus de Saint-Martin-d'H\u00e8res. L'adresse est 339 avenue Centrale, Saint Martin d'H\u00e8res. Certains ateliers auront lieu dans les locaux de l'Ensimag, \u00e0 proximit\u00e9 imm\u00e9diate de la MaCI. H\u00e9bergement Pas d'h\u00e9bergement recommand\u00e9 en particulier,\u2026","rel":"","context":"Article similaire","block_context":{"text":"Article similaire","link":""},"img":{"alt_text":"","src":"https:\/\/i0.wp.com\/www.didapro.org\/11\/wp-content\/uploads\/sites\/8\/2019\/03\/lilliad-exterieur.jpg?fit=920%2C433&ssl=1&resize=350%2C200","width":350,"height":200,"srcset":"https:\/\/i0.wp.com\/www.didapro.org\/11\/wp-content\/uploads\/sites\/8\/2019\/03\/lilliad-exterieur.jpg?fit=920%2C433&ssl=1&resize=350%2C200 1x, https:\/\/i0.wp.com\/www.didapro.org\/11\/wp-content\/uploads\/sites\/8\/2019\/03\/lilliad-exterieur.jpg?fit=920%2C433&ssl=1&resize=525%2C300 1.5x, https:\/\/i0.wp.com\/www.didapro.org\/11\/wp-content\/uploads\/sites\/8\/2019\/03\/lilliad-exterieur.jpg?fit=920%2C433&ssl=1&resize=700%2C400 2x"},"classes":[]},{"id":489,"url":"https:\/\/www.didapro.org\/11\/objectifs-et-themes\/","url_meta":{"origin":1092,"position":5},"title":"Objectifs et th\u00e8mes","author":"7","date":"18 avril 2017","format":false,"excerpt":"Depuis 1988, les colloques de didactique de l\u2019informatique puis les colloques Didapro \u2013 DidaSTIC explorent les th\u00e8mes autour de l\u2019enseignement et l\u2019apprentissage de l\u2019informatique. La 11\u00e8me \u00e9dition (Didapro 11), port\u00e9e par le LIG (Laboratoire d\u2019Informatique de Grenoble) avec l\u2019Inria et l\u2019Insp\u00e9 de l\u2019Acad\u00e9mie de Grenoble, se d\u00e9roulera sur trois jours,\u2026","rel":"","context":"Article similaire","block_context":{"text":"Article similaire","link":""},"img":{"alt_text":"","src":"","width":0,"height":0},"classes":[]}],"jetpack_likes_enabled":true,"_links":{"self":[{"href":"https:\/\/www.didapro.org\/11\/wp-json\/wp\/v2\/pages\/1092","targetHints":{"allow":["GET"]}}],"collection":[{"href":"https:\/\/www.didapro.org\/11\/wp-json\/wp\/v2\/pages"}],"about":[{"href":"https:\/\/www.didapro.org\/11\/wp-json\/wp\/v2\/types\/page"}],"author":[{"embeddable":true,"href":"https:\/\/www.didapro.org\/11\/wp-json\/wp\/v2\/users\/6"}],"replies":[{"embeddable":true,"href":"https:\/\/www.didapro.org\/11\/wp-json\/wp\/v2\/comments?post=1092"}],"version-history":[{"count":4,"href":"https:\/\/www.didapro.org\/11\/wp-json\/wp\/v2\/pages\/1092\/revisions"}],"predecessor-version":[{"id":1501,"href":"https:\/\/www.didapro.org\/11\/wp-json\/wp\/v2\/pages\/1092\/revisions\/1501"}],"wp:attachment":[{"href":"https:\/\/www.didapro.org\/11\/wp-json\/wp\/v2\/media?parent=1092"}],"curies":[{"name":"wp","href":"https:\/\/api.w.org\/{rel}","templated":true}]}}